{"id":14,"date":"2022-10-19T13:30:27","date_gmt":"2022-10-19T13:30:27","guid":{"rendered":"https:\/\/demo.athemes.com\/botiga-beauty-el\/?page_id=14"},"modified":"2025-08-07T10:31:40","modified_gmt":"2025-08-07T08:31:40","slug":"home","status":"publish","type":"page","link":"https:\/\/www.anaramos-kosmetik.de\/pt\/","title":{"rendered":"Home"},"content":{"rendered":"<div data-elementor-type=\"wp-page\" data-elementor-id=\"14\" class=\"elementor elementor-14\">\n\t\t\t\t\t\t<section class=\"elementor-section elementor-top-section elementor-element elementor-element-9166e16 elementor-section-full_width elementor-section-height-default elementor-section-height-default\" data-id=\"9166e16\" data-element_type=\"section\" data-e-type=\"section\" data-settings=\"{&quot;background_background&quot;:&quot;classic&quot;}\">\n\t\t\t\t\t\t\t<div class=\"elementor-background-overlay\"><\/div>\n\t\t\t\t\t\t\t<div class=\"elementor-container elementor-column-gap-default\">\n\t\t\t\t\t<div class=\"elementor-column elementor-col-100 elementor-top-column elementor-element elementor-element-a8652c0\" data-id=\"a8652c0\" data-element_type=\"column\" data-e-type=\"column\">\n\t\t\t<div class=\"elementor-widget-wrap elementor-element-populated\">\n\t\t\t\t<div class=\"elementor-element elementor-element-01c8e27 e-con-full e-flex e-con e-parent\" data-id=\"01c8e27\" data-element_type=\"container\" data-e-type=\"container\">\n\t\t<div class=\"elementor-element elementor-element-b823916 e-con-full e-flex e-con e-child\" data-id=\"b823916\" data-element_type=\"container\" data-e-type=\"container\">\n\t\t<div class=\"elementor-element elementor-element-c46a4aa e-flex e-con-boxed e-con e-child\" data-id=\"c46a4aa\" data-element_type=\"container\" data-e-type=\"container\" data-settings=\"{&quot;background_background&quot;:&quot;classic&quot;}\">\n\t\t\t\t\t<div class=\"e-con-inner\">\n\t\t\t\t<div class=\"elementor-element elementor-element-d9ebe34 elementor-widget__width-initial elementor-widget-mobile__width-initial elementor-invisible elementor-widget elementor-widget-heading\" data-id=\"d9ebe34\" data-element_type=\"widget\" data-e-type=\"widget\" data-settings=\"{&quot;_animation&quot;:&quot;fadeInUpShorter&quot;,&quot;_animation_delay&quot;:200}\" data-widget_type=\"heading.default\">\n\t\t\t\t<div class=\"elementor-widget-container\">\n\t\t\t\t\t<h2 class=\"elementor-heading-title elementor-size-default\">A sua especialista em cosm\u00e9tica, est\u00e9tica, depila\u00e7\u00e3o, cuidado com os p\u00e9s\/m\u00e3os e muito mais!<\/h2>\t\t\t\t<\/div>\n\t\t\t\t<\/div>\n\t\t<div class=\"elementor-element elementor-element-6c30d8e e-con-full e-flex e-con e-child\" data-id=\"6c30d8e\" data-element_type=\"container\" data-e-type=\"container\">\n\t\t\t\t<div class=\"elementor-element elementor-element-d18376c elementor-invisible elementor-widget elementor-widget-button\" data-id=\"d18376c\" data-element_type=\"widget\" data-e-type=\"widget\" data-settings=\"{&quot;_animation&quot;:&quot;fadeInUpShorter&quot;,&quot;_animation_delay&quot;:400}\" data-widget_type=\"button.default\">\n\t\t\t\t<div class=\"elementor-widget-container\">\n\t\t\t\t\t\t\t\t\t<div class=\"elementor-button-wrapper\">\n\t\t\t\t\t<a class=\"elementor-button elementor-button-link elementor-size-sm\" href=\"https:\/\/salonkee.de\/salon\/ana-ramos-beauty-kosmetik-\">\n\t\t\t\t\t\t<span class=\"elementor-button-content-wrapper\">\n\t\t\t\t\t\t\t\t\t<span class=\"elementor-button-text\">Agendamento<\/span>\n\t\t\t\t\t<\/span>\n\t\t\t\t\t<\/a>\n\t\t\t\t<\/div>\n\t\t\t\t\t\t\t\t<\/div>\n\t\t\t\t<\/div>\n\t\t\t\t<\/div>\n\t\t\t\t\t<\/div>\n\t\t\t\t<\/div>\n\t\t\t\t<\/div>\n\t\t\t\t<\/div>\n\t\t\t\t\t<\/div>\n\t\t<\/div>\n\t\t\t\t\t<\/div>\n\t\t<\/section>\n\t\t\t\t<section class=\"elementor-section elementor-top-section elementor-element elementor-element-cc4ba2a elementor-section-boxed elementor-section-height-default elementor-section-height-default\" data-id=\"cc4ba2a\" data-element_type=\"section\" data-e-type=\"section\">\n\t\t\t\t\t\t<div class=\"elementor-container elementor-column-gap-default\">\n\t\t\t\t\t<div class=\"elementor-column elementor-col-100 elementor-top-column elementor-element elementor-element-433c458\" data-id=\"433c458\" data-element_type=\"column\" data-e-type=\"column\">\n\t\t\t<div class=\"elementor-widget-wrap elementor-element-populated\">\n\t\t\t\t\t\t<div class=\"elementor-element elementor-element-52f8025 elementor-invisible elementor-widget elementor-widget-heading\" data-id=\"52f8025\" data-element_type=\"widget\" data-e-type=\"widget\" data-settings=\"{&quot;_animation&quot;:&quot;fadeInUpShorter&quot;,&quot;_animation_delay&quot;:200}\" data-widget_type=\"heading.default\">\n\t\t\t\t<div class=\"elementor-widget-container\">\n\t\t\t\t\t<h2 class=\"elementor-heading-title elementor-size-default\">Servi\u00e7os<\/h2>\t\t\t\t<\/div>\n\t\t\t\t<\/div>\n\t\t\t\t<div class=\"elementor-element elementor-element-dc93279 elementor-invisible elementor-widget elementor-widget-text-editor\" data-id=\"dc93279\" data-element_type=\"widget\" data-e-type=\"widget\" data-settings=\"{&quot;_animation&quot;:&quot;fadeInUpShorter&quot;,&quot;_animation_delay&quot;:400}\" data-widget_type=\"text-editor.default\">\n\t\t\t\t<div class=\"elementor-widget-container\">\n\t\t\t\t\t\t\t\t\t<p>Bem-vindos ao Est\u00fadio Ana Ramos Beauty &amp; Kosmetik em Hamburgo-Jungfernstieg. Nos alegramos com a sua pr\u00f3xima visita ao nosso est\u00fadio de est\u00e9tica. Recomendamos os tratamentos de beleza mais adequados e eficazes especialmente para o seu tipo de pele.<\/p>\t\t\t\t\t\t\t\t<\/div>\n\t\t\t\t<\/div>\n\t\t\t\t<section class=\"elementor-section elementor-inner-section elementor-element elementor-element-a19ffd5 elementor-section-boxed elementor-section-height-default elementor-section-height-default elementor-invisible\" data-id=\"a19ffd5\" data-element_type=\"section\" data-e-type=\"section\" data-settings=\"{&quot;animation&quot;:&quot;fadeInUpShorter&quot;,&quot;animation_delay&quot;:600}\">\n\t\t\t\t\t\t<div class=\"elementor-container elementor-column-gap-default\">\n\t\t\t\t\t<div class=\"elementor-column elementor-col-25 elementor-inner-column elementor-element elementor-element-9b22770\" data-id=\"9b22770\" data-element_type=\"column\" data-e-type=\"column\">\n\t\t\t<div class=\"elementor-widget-wrap elementor-element-populated\">\n\t\t\t\t\t\t<div class=\"elementor-element elementor-element-3fcfc89 elementor-widget elementor-widget-image\" data-id=\"3fcfc89\" data-element_type=\"widget\" data-e-type=\"widget\" data-widget_type=\"image.default\">\n\t\t\t\t<div class=\"elementor-widget-container\">\n\t\t\t\t\t\t\t\t\t\t\t\t<figure class=\"wp-caption\">\n\t\t\t\t\t\t\t\t\t\t<img fetchpriority=\"high\" decoding=\"async\" width=\"1024\" height=\"1024\" src=\"https:\/\/www.anaramos-kosmetik.de\/wp-content\/uploads\/2024\/08\/Frame-112-3.jpg\" class=\"attachment-large size-large wp-image-1171\" alt=\"\" srcset=\"https:\/\/www.anaramos-kosmetik.de\/wp-content\/uploads\/2024\/08\/Frame-112-3.jpg 1024w, https:\/\/www.anaramos-kosmetik.de\/wp-content\/uploads\/2024\/08\/Frame-112-3-300x300.jpg 300w, https:\/\/www.anaramos-kosmetik.de\/wp-content\/uploads\/2024\/08\/Frame-112-3-150x150.jpg 150w, https:\/\/www.anaramos-kosmetik.de\/wp-content\/uploads\/2024\/08\/Frame-112-3-768x768.jpg 768w, https:\/\/www.anaramos-kosmetik.de\/wp-content\/uploads\/2024\/08\/Frame-112-3-12x12.jpg 12w, https:\/\/www.anaramos-kosmetik.de\/wp-content\/uploads\/2024\/08\/Frame-112-3-920x920.jpg 920w, https:\/\/www.anaramos-kosmetik.de\/wp-content\/uploads\/2024\/08\/Frame-112-3-575x575.jpg 575w, https:\/\/www.anaramos-kosmetik.de\/wp-content\/uploads\/2024\/08\/Frame-112-3-380x380.jpg 380w, https:\/\/www.anaramos-kosmetik.de\/wp-content\/uploads\/2024\/08\/Frame-112-3-420x420.jpg 420w, https:\/\/www.anaramos-kosmetik.de\/wp-content\/uploads\/2024\/08\/Frame-112-3-800x800.jpg 800w, https:\/\/www.anaramos-kosmetik.de\/wp-content\/uploads\/2024\/08\/Frame-112-3-100x100.jpg 100w\" sizes=\"(max-width: 1024px) 100vw, 1024px\" \/>\t\t\t\t\t\t\t\t\t\t\t<figcaption class=\"widget-image-caption wp-caption-text\">Tratamentos faciais<\/figcaption>\n\t\t\t\t\t\t\t\t\t\t<\/figure>\n\t\t\t\t\t\t\t\t\t<\/div>\n\t\t\t\t<\/div>\n\t\t\t\t\t<\/div>\n\t\t<\/div>\n\t\t\t\t<div class=\"elementor-column elementor-col-25 elementor-inner-column elementor-element elementor-element-2570323\" data-id=\"2570323\" data-element_type=\"column\" data-e-type=\"column\">\n\t\t\t<div class=\"elementor-widget-wrap elementor-element-populated\">\n\t\t\t\t\t\t<div class=\"elementor-element elementor-element-bd8f9cc elementor-widget elementor-widget-image\" data-id=\"bd8f9cc\" data-element_type=\"widget\" data-e-type=\"widget\" data-widget_type=\"image.default\">\n\t\t\t\t<div class=\"elementor-widget-container\">\n\t\t\t\t\t\t\t\t\t\t\t\t<figure class=\"wp-caption\">\n\t\t\t\t\t\t\t\t\t\t<img decoding=\"async\" width=\"1024\" height=\"1024\" src=\"https:\/\/www.anaramos-kosmetik.de\/wp-content\/uploads\/2024\/08\/Frame-113-2.jpg\" class=\"attachment-full size-full wp-image-1104\" alt=\"\" srcset=\"https:\/\/www.anaramos-kosmetik.de\/wp-content\/uploads\/2024\/08\/Frame-113-2.jpg 1024w, https:\/\/www.anaramos-kosmetik.de\/wp-content\/uploads\/2024\/08\/Frame-113-2-300x300.jpg 300w, https:\/\/www.anaramos-kosmetik.de\/wp-content\/uploads\/2024\/08\/Frame-113-2-150x150.jpg 150w, https:\/\/www.anaramos-kosmetik.de\/wp-content\/uploads\/2024\/08\/Frame-113-2-768x768.jpg 768w, https:\/\/www.anaramos-kosmetik.de\/wp-content\/uploads\/2024\/08\/Frame-113-2-12x12.jpg 12w, https:\/\/www.anaramos-kosmetik.de\/wp-content\/uploads\/2024\/08\/Frame-113-2-920x920.jpg 920w, https:\/\/www.anaramos-kosmetik.de\/wp-content\/uploads\/2024\/08\/Frame-113-2-575x575.jpg 575w, https:\/\/www.anaramos-kosmetik.de\/wp-content\/uploads\/2024\/08\/Frame-113-2-380x380.jpg 380w, https:\/\/www.anaramos-kosmetik.de\/wp-content\/uploads\/2024\/08\/Frame-113-2-420x420.jpg 420w, https:\/\/www.anaramos-kosmetik.de\/wp-content\/uploads\/2024\/08\/Frame-113-2-800x800.jpg 800w, https:\/\/www.anaramos-kosmetik.de\/wp-content\/uploads\/2024\/08\/Frame-113-2-100x100.jpg 100w\" sizes=\"(max-width: 1024px) 100vw, 1024px\" \/>\t\t\t\t\t\t\t\t\t\t\t<figcaption class=\"widget-image-caption wp-caption-text\">Manicure &amp; Pedicure<\/figcaption>\n\t\t\t\t\t\t\t\t\t\t<\/figure>\n\t\t\t\t\t\t\t\t\t<\/div>\n\t\t\t\t<\/div>\n\t\t\t\t\t<\/div>\n\t\t<\/div>\n\t\t\t\t<div class=\"elementor-column elementor-col-25 elementor-inner-column elementor-element elementor-element-1b2f266\" data-id=\"1b2f266\" data-element_type=\"column\" data-e-type=\"column\">\n\t\t\t<div class=\"elementor-widget-wrap elementor-element-populated\">\n\t\t\t\t\t\t<div class=\"elementor-element elementor-element-ae7a6ae elementor-widget elementor-widget-image\" data-id=\"ae7a6ae\" data-element_type=\"widget\" data-e-type=\"widget\" data-widget_type=\"image.default\">\n\t\t\t\t<div class=\"elementor-widget-container\">\n\t\t\t\t\t\t\t\t\t\t\t\t<figure class=\"wp-caption\">\n\t\t\t\t\t\t\t\t\t\t<img decoding=\"async\" width=\"1024\" height=\"1024\" src=\"https:\/\/www.anaramos-kosmetik.de\/wp-content\/uploads\/2024\/08\/Frame-114-2.jpg\" class=\"attachment-large size-large wp-image-1105\" alt=\"\" srcset=\"https:\/\/www.anaramos-kosmetik.de\/wp-content\/uploads\/2024\/08\/Frame-114-2.jpg 1024w, https:\/\/www.anaramos-kosmetik.de\/wp-content\/uploads\/2024\/08\/Frame-114-2-300x300.jpg 300w, https:\/\/www.anaramos-kosmetik.de\/wp-content\/uploads\/2024\/08\/Frame-114-2-150x150.jpg 150w, https:\/\/www.anaramos-kosmetik.de\/wp-content\/uploads\/2024\/08\/Frame-114-2-768x768.jpg 768w, https:\/\/www.anaramos-kosmetik.de\/wp-content\/uploads\/2024\/08\/Frame-114-2-12x12.jpg 12w, https:\/\/www.anaramos-kosmetik.de\/wp-content\/uploads\/2024\/08\/Frame-114-2-920x920.jpg 920w, https:\/\/www.anaramos-kosmetik.de\/wp-content\/uploads\/2024\/08\/Frame-114-2-575x575.jpg 575w, https:\/\/www.anaramos-kosmetik.de\/wp-content\/uploads\/2024\/08\/Frame-114-2-380x380.jpg 380w, https:\/\/www.anaramos-kosmetik.de\/wp-content\/uploads\/2024\/08\/Frame-114-2-420x420.jpg 420w, https:\/\/www.anaramos-kosmetik.de\/wp-content\/uploads\/2024\/08\/Frame-114-2-800x800.jpg 800w, https:\/\/www.anaramos-kosmetik.de\/wp-content\/uploads\/2024\/08\/Frame-114-2-100x100.jpg 100w\" sizes=\"(max-width: 1024px) 100vw, 1024px\" \/>\t\t\t\t\t\t\t\t\t\t\t<figcaption class=\"widget-image-caption wp-caption-text\">Massagem<\/figcaption>\n\t\t\t\t\t\t\t\t\t\t<\/figure>\n\t\t\t\t\t\t\t\t\t<\/div>\n\t\t\t\t<\/div>\n\t\t\t\t\t<\/div>\n\t\t<\/div>\n\t\t\t\t<div class=\"elementor-column elementor-col-25 elementor-inner-column elementor-element elementor-element-b4c83e4\" data-id=\"b4c83e4\" data-element_type=\"column\" data-e-type=\"column\">\n\t\t\t<div class=\"elementor-widget-wrap elementor-element-populated\">\n\t\t\t\t\t\t<div class=\"elementor-element elementor-element-7404df9 elementor-widget elementor-widget-image\" data-id=\"7404df9\" data-element_type=\"widget\" data-e-type=\"widget\" data-widget_type=\"image.default\">\n\t\t\t\t<div class=\"elementor-widget-container\">\n\t\t\t\t\t\t\t\t\t\t\t\t<figure class=\"wp-caption\">\n\t\t\t\t\t\t\t\t\t\t<img loading=\"lazy\" decoding=\"async\" width=\"1024\" height=\"1024\" src=\"https:\/\/www.anaramos-kosmetik.de\/wp-content\/uploads\/2024\/08\/Frame-115-2.jpg\" class=\"attachment-large size-large wp-image-1106\" alt=\"\" srcset=\"https:\/\/www.anaramos-kosmetik.de\/wp-content\/uploads\/2024\/08\/Frame-115-2.jpg 1024w, https:\/\/www.anaramos-kosmetik.de\/wp-content\/uploads\/2024\/08\/Frame-115-2-300x300.jpg 300w, https:\/\/www.anaramos-kosmetik.de\/wp-content\/uploads\/2024\/08\/Frame-115-2-150x150.jpg 150w, https:\/\/www.anaramos-kosmetik.de\/wp-content\/uploads\/2024\/08\/Frame-115-2-768x768.jpg 768w, https:\/\/www.anaramos-kosmetik.de\/wp-content\/uploads\/2024\/08\/Frame-115-2-12x12.jpg 12w, https:\/\/www.anaramos-kosmetik.de\/wp-content\/uploads\/2024\/08\/Frame-115-2-920x920.jpg 920w, https:\/\/www.anaramos-kosmetik.de\/wp-content\/uploads\/2024\/08\/Frame-115-2-575x575.jpg 575w, https:\/\/www.anaramos-kosmetik.de\/wp-content\/uploads\/2024\/08\/Frame-115-2-380x380.jpg 380w, https:\/\/www.anaramos-kosmetik.de\/wp-content\/uploads\/2024\/08\/Frame-115-2-420x420.jpg 420w, https:\/\/www.anaramos-kosmetik.de\/wp-content\/uploads\/2024\/08\/Frame-115-2-800x800.jpg 800w, https:\/\/www.anaramos-kosmetik.de\/wp-content\/uploads\/2024\/08\/Frame-115-2-100x100.jpg 100w\" sizes=\"(max-width: 1024px) 100vw, 1024px\" \/>\t\t\t\t\t\t\t\t\t\t\t<figcaption class=\"widget-image-caption wp-caption-text\">Depila\u00e7\u00e3o<\/figcaption>\n\t\t\t\t\t\t\t\t\t\t<\/figure>\n\t\t\t\t\t\t\t\t\t<\/div>\n\t\t\t\t<\/div>\n\t\t\t\t\t<\/div>\n\t\t<\/div>\n\t\t\t\t\t<\/div>\n\t\t<\/section>\n\t\t\t\t\t<\/div>\n\t\t<\/div>\n\t\t\t\t\t<\/div>\n\t\t<\/section>\n\t\t<div class=\"elementor-element elementor-element-1a2dc4c e-flex e-con-boxed e-con e-parent\" data-id=\"1a2dc4c\" data-element_type=\"container\" data-e-type=\"container\" data-settings=\"{&quot;background_background&quot;:&quot;classic&quot;}\">\n\t\t\t\t\t<div class=\"e-con-inner\">\n\t\t<div class=\"elementor-element elementor-element-1d1905e e-con-full e-flex e-con e-child\" data-id=\"1d1905e\" data-element_type=\"container\" data-e-type=\"container\">\n\t\t\t\t<div class=\"elementor-element elementor-element-629f577 elementor-widget elementor-widget-image\" data-id=\"629f577\" data-element_type=\"widget\" data-e-type=\"widget\" data-widget_type=\"image.default\">\n\t\t\t\t<div class=\"elementor-widget-container\">\n\t\t\t\t\t\t\t\t\t\t\t\t\t\t\t<img loading=\"lazy\" decoding=\"async\" width=\"1024\" height=\"576\" src=\"https:\/\/www.anaramos-kosmetik.de\/wp-content\/uploads\/2024\/08\/DSC00137-1024x576.jpeg\" class=\"attachment-large size-large wp-image-1079\" alt=\"\" srcset=\"https:\/\/www.anaramos-kosmetik.de\/wp-content\/uploads\/2024\/08\/DSC00137-1024x576.jpeg 1024w, https:\/\/www.anaramos-kosmetik.de\/wp-content\/uploads\/2024\/08\/DSC00137-300x169.jpeg 300w, https:\/\/www.anaramos-kosmetik.de\/wp-content\/uploads\/2024\/08\/DSC00137-768x432.jpeg 768w, https:\/\/www.anaramos-kosmetik.de\/wp-content\/uploads\/2024\/08\/DSC00137-1536x864.jpeg 1536w, https:\/\/www.anaramos-kosmetik.de\/wp-content\/uploads\/2024\/08\/DSC00137-2048x1152.jpeg 2048w, https:\/\/www.anaramos-kosmetik.de\/wp-content\/uploads\/2024\/08\/DSC00137-18x10.jpeg 18w, https:\/\/www.anaramos-kosmetik.de\/wp-content\/uploads\/2024\/08\/DSC00137-1140x641.jpeg 1140w, https:\/\/www.anaramos-kosmetik.de\/wp-content\/uploads\/2024\/08\/DSC00137-920x518.jpeg 920w, https:\/\/www.anaramos-kosmetik.de\/wp-content\/uploads\/2024\/08\/DSC00137-575x324.jpeg 575w, https:\/\/www.anaramos-kosmetik.de\/wp-content\/uploads\/2024\/08\/DSC00137-380x214.jpeg 380w, https:\/\/www.anaramos-kosmetik.de\/wp-content\/uploads\/2024\/08\/DSC00137-1320x743.jpeg 1320w, https:\/\/www.anaramos-kosmetik.de\/wp-content\/uploads\/2024\/08\/DSC00137-420x236.jpeg 420w, https:\/\/www.anaramos-kosmetik.de\/wp-content\/uploads\/2024\/08\/DSC00137-800x450.jpeg 800w\" sizes=\"(max-width: 1024px) 100vw, 1024px\" \/>\t\t\t\t\t\t\t\t\t\t\t\t\t\t\t<\/div>\n\t\t\t\t<\/div>\n\t\t\t\t<div class=\"elementor-element elementor-element-d154aee elementor-widget elementor-widget-image\" data-id=\"d154aee\" data-element_type=\"widget\" data-e-type=\"widget\" data-widget_type=\"image.default\">\n\t\t\t\t<div class=\"elementor-widget-container\">\n\t\t\t\t\t\t\t\t\t\t\t\t\t\t\t<img loading=\"lazy\" decoding=\"async\" width=\"1024\" height=\"576\" src=\"https:\/\/www.anaramos-kosmetik.de\/wp-content\/uploads\/2024\/08\/DSC00086-scaled-e1724163522853-1024x576.jpeg\" class=\"attachment-large size-large wp-image-1074\" alt=\"\" srcset=\"https:\/\/www.anaramos-kosmetik.de\/wp-content\/uploads\/2024\/08\/DSC00086-scaled-e1724163522853-1024x576.jpeg 1024w, https:\/\/www.anaramos-kosmetik.de\/wp-content\/uploads\/2024\/08\/DSC00086-scaled-e1724163522853-300x169.jpeg 300w, https:\/\/www.anaramos-kosmetik.de\/wp-content\/uploads\/2024\/08\/DSC00086-scaled-e1724163522853-768x432.jpeg 768w, https:\/\/www.anaramos-kosmetik.de\/wp-content\/uploads\/2024\/08\/DSC00086-scaled-e1724163522853-1536x864.jpeg 1536w, https:\/\/www.anaramos-kosmetik.de\/wp-content\/uploads\/2024\/08\/DSC00086-scaled-e1724163522853-2048x1152.jpeg 2048w, https:\/\/www.anaramos-kosmetik.de\/wp-content\/uploads\/2024\/08\/DSC00086-scaled-e1724163522853-18x10.jpeg 18w, https:\/\/www.anaramos-kosmetik.de\/wp-content\/uploads\/2024\/08\/DSC00086-scaled-e1724163522853-1140x641.jpeg 1140w, https:\/\/www.anaramos-kosmetik.de\/wp-content\/uploads\/2024\/08\/DSC00086-scaled-e1724163522853-920x518.jpeg 920w, https:\/\/www.anaramos-kosmetik.de\/wp-content\/uploads\/2024\/08\/DSC00086-scaled-e1724163522853-575x323.jpeg 575w, https:\/\/www.anaramos-kosmetik.de\/wp-content\/uploads\/2024\/08\/DSC00086-scaled-e1724163522853-380x214.jpeg 380w, https:\/\/www.anaramos-kosmetik.de\/wp-content\/uploads\/2024\/08\/DSC00086-scaled-e1724163522853-1320x743.jpeg 1320w, https:\/\/www.anaramos-kosmetik.de\/wp-content\/uploads\/2024\/08\/DSC00086-scaled-e1724163522853-420x236.jpeg 420w, https:\/\/www.anaramos-kosmetik.de\/wp-content\/uploads\/2024\/08\/DSC00086-scaled-e1724163522853-800x450.jpeg 800w\" sizes=\"(max-width: 1024px) 100vw, 1024px\" \/>\t\t\t\t\t\t\t\t\t\t\t\t\t\t\t<\/div>\n\t\t\t\t<\/div>\n\t\t\t\t<\/div>\n\t\t\t\t<div class=\"elementor-element elementor-element-463cdc0 elementor-widget elementor-widget-spacer\" data-id=\"463cdc0\" data-element_type=\"widget\" data-e-type=\"widget\" data-widget_type=\"spacer.default\">\n\t\t\t\t<div class=\"elementor-widget-container\">\n\t\t\t\t\t\t\t<div class=\"elementor-spacer\">\n\t\t\t<div class=\"elementor-spacer-inner\"><\/div>\n\t\t<\/div>\n\t\t\t\t\t\t<\/div>\n\t\t\t\t<\/div>\n\t\t<div class=\"elementor-element elementor-element-7faf0cf e-con-full e-flex e-con e-child\" data-id=\"7faf0cf\" data-element_type=\"container\" data-e-type=\"container\">\n\t\t\t\t<div class=\"elementor-element elementor-element-3d038eb elementor-widget elementor-widget-heading\" data-id=\"3d038eb\" data-element_type=\"widget\" data-e-type=\"widget\" data-widget_type=\"heading.default\">\n\t\t\t\t<div class=\"elementor-widget-container\">\n\t\t\t\t\t<h2 class=\"elementor-heading-title elementor-size-default\">Ol\u00e1!<\/h2>\t\t\t\t<\/div>\n\t\t\t\t<\/div>\n\t\t\t\t<div class=\"elementor-element elementor-element-9e77ed9 elementor-widget elementor-widget-text-editor\" data-id=\"9e77ed9\" data-element_type=\"widget\" data-e-type=\"widget\" data-widget_type=\"text-editor.default\">\n\t\t\t\t<div class=\"elementor-widget-container\">\n\t\t\t\t\t\t\t\t\t<div class=\"page\" title=\"Page 1\">\n<p>Ol\u00e1, sou a Ana Ramos, esteticista cosmet\u00f3loga especializada em tratamentos e design dos p\u00e9s. Estou no setor desde 2019 e realizo uma variedade de procedimentos est\u00e9ticos e corporais, al\u00e9m de atuar como massagista.<\/p>\n<p>Escolhi ser esteticista por me identificar profundamente com a \u00e1rea e porque realmente amo o que fa\u00e7o. Ao longo dos anos, trabalhei em diversas cl\u00ednicas e spas, onde pude aprimorar as minhas t\u00e9cnicas e desenvolver o meu pr\u00f3prio m\u00e9todo de trabalho.<\/p>\n<p>O que mais me motiva a continuar \u00e9 a satisfa\u00e7\u00e3o das minhas clientes. Ver o brilho nos seus olhos a cada objetivo alcan\u00e7ado \u00e9 o que me impulsiona diariamente.<\/p>\n<p>Este espa\u00e7o foi criado para que as minhas clientes encontrem, num s\u00f3 lugar, tudo o que precisam no mundo da est\u00e9tica e beleza.<\/p>\n<\/div>\t\t\t\t\t\t\t\t<\/div>\n\t\t\t\t<\/div>\n\t\t\t\t<\/div>\n\t\t\t\t\t<\/div>\n\t\t\t\t<\/div>\n\t\t<div class=\"elementor-element elementor-element-3e5d08d e-flex e-con-boxed e-con e-parent\" data-id=\"3e5d08d\" data-element_type=\"container\" data-e-type=\"container\">\n\t\t\t\t\t<div class=\"e-con-inner\">\n\t\t\t\t<div class=\"elementor-element elementor-element-c1e2e93 elementor-widget elementor-widget-spacer\" data-id=\"c1e2e93\" data-element_type=\"widget\" data-e-type=\"widget\" data-widget_type=\"spacer.default\">\n\t\t\t\t<div class=\"elementor-widget-container\">\n\t\t\t\t\t\t\t<div class=\"elementor-spacer\">\n\t\t\t<div class=\"elementor-spacer-inner\"><\/div>\n\t\t<\/div>\n\t\t\t\t\t\t<\/div>\n\t\t\t\t<\/div>\n\t\t\t\t\t<\/div>\n\t\t\t\t<\/div>\n\t\t\t\t<section class=\"elementor-section elementor-top-section elementor-element elementor-element-398a725 elementor-section-boxed elementor-section-height-default elementor-section-height-default\" data-id=\"398a725\" data-element_type=\"section\" data-e-type=\"section\">\n\t\t\t\t\t\t<div class=\"elementor-container elementor-column-gap-default\">\n\t\t\t\t\t<div class=\"elementor-column elementor-col-100 elementor-top-column elementor-element elementor-element-603e2f5\" data-id=\"603e2f5\" data-element_type=\"column\" data-e-type=\"column\">\n\t\t\t<div class=\"elementor-widget-wrap elementor-element-populated\">\n\t\t\t\t\t\t<div class=\"elementor-element elementor-element-be00b28 elementor-arrows-position-inside elementor-pagination-position-outside elementor-widget elementor-widget-image-carousel\" data-id=\"be00b28\" data-element_type=\"widget\" data-e-type=\"widget\" data-settings=\"{&quot;slides_to_show&quot;:&quot;2&quot;,&quot;navigation&quot;:&quot;both&quot;,&quot;autoplay&quot;:&quot;yes&quot;,&quot;pause_on_hover&quot;:&quot;yes&quot;,&quot;pause_on_interaction&quot;:&quot;yes&quot;,&quot;autoplay_speed&quot;:5000,&quot;infinite&quot;:&quot;yes&quot;,&quot;speed&quot;:500}\" data-widget_type=\"image-carousel.default\">\n\t\t\t\t<div class=\"elementor-widget-container\">\n\t\t\t\t\t\t\t<div class=\"elementor-image-carousel-wrapper swiper\" role=\"region\" aria-roledescription=\"carousel\" aria-label=\"Carrossel de imagens\" dir=\"ltr\">\n\t\t\t<div class=\"elementor-image-carousel swiper-wrapper\" aria-live=\"off\">\n\t\t\t\t\t\t\t\t<div class=\"swiper-slide\" role=\"group\" aria-roledescription=\"slide\" aria-label=\"1 von 12\"><figure class=\"swiper-slide-inner\"><img decoding=\"async\" class=\"swiper-slide-image\" src=\"https:\/\/www.anaramos-kosmetik.de\/wp-content\/uploads\/2024\/08\/DSC00106-scaled.jpeg\" alt=\"DSC00106\" \/><\/figure><\/div><div class=\"swiper-slide\" role=\"group\" aria-roledescription=\"slide\" aria-label=\"2 von 12\"><figure class=\"swiper-slide-inner\"><img decoding=\"async\" class=\"swiper-slide-image\" src=\"https:\/\/www.anaramos-kosmetik.de\/wp-content\/uploads\/2024\/08\/DSC00166-scaled.jpeg\" alt=\"DSC00166\" \/><\/figure><\/div><div class=\"swiper-slide\" role=\"group\" aria-roledescription=\"slide\" aria-label=\"3 von 12\"><figure class=\"swiper-slide-inner\"><img decoding=\"async\" class=\"swiper-slide-image\" src=\"https:\/\/www.anaramos-kosmetik.de\/wp-content\/uploads\/2024\/08\/DSC00175-scaled.jpeg\" alt=\"DSC00175\" \/><\/figure><\/div><div class=\"swiper-slide\" role=\"group\" aria-roledescription=\"slide\" aria-label=\"4 von 12\"><figure class=\"swiper-slide-inner\"><img decoding=\"async\" class=\"swiper-slide-image\" src=\"https:\/\/www.anaramos-kosmetik.de\/wp-content\/uploads\/2024\/08\/DSC00239-scaled.jpeg\" alt=\"DSC00239\" \/><\/figure><\/div><div class=\"swiper-slide\" role=\"group\" aria-roledescription=\"slide\" aria-label=\"5 von 12\"><figure class=\"swiper-slide-inner\"><img decoding=\"async\" class=\"swiper-slide-image\" src=\"https:\/\/www.anaramos-kosmetik.de\/wp-content\/uploads\/2024\/08\/DSC00169-scaled.jpeg\" alt=\"DSC00169\" \/><\/figure><\/div><div class=\"swiper-slide\" role=\"group\" aria-roledescription=\"slide\" aria-label=\"6 von 12\"><figure class=\"swiper-slide-inner\"><img decoding=\"async\" class=\"swiper-slide-image\" src=\"https:\/\/www.anaramos-kosmetik.de\/wp-content\/uploads\/2024\/08\/DSC00260-scaled.jpeg\" alt=\"DSC00260\" \/><\/figure><\/div><div class=\"swiper-slide\" role=\"group\" aria-roledescription=\"slide\" aria-label=\"7 von 12\"><figure class=\"swiper-slide-inner\"><img decoding=\"async\" class=\"swiper-slide-image\" src=\"https:\/\/www.anaramos-kosmetik.de\/wp-content\/uploads\/2024\/08\/DSC00286-1-scaled.jpeg\" alt=\"DSC00286\" \/><\/figure><\/div><div class=\"swiper-slide\" role=\"group\" aria-roledescription=\"slide\" aria-label=\"8 von 12\"><figure class=\"swiper-slide-inner\"><img decoding=\"async\" class=\"swiper-slide-image\" src=\"https:\/\/www.anaramos-kosmetik.de\/wp-content\/uploads\/2024\/08\/DSC00270-scaled.jpeg\" alt=\"DSC00270\" \/><\/figure><\/div><div class=\"swiper-slide\" role=\"group\" aria-roledescription=\"slide\" aria-label=\"9 von 12\"><figure class=\"swiper-slide-inner\"><img decoding=\"async\" class=\"swiper-slide-image\" src=\"https:\/\/www.anaramos-kosmetik.de\/wp-content\/uploads\/2024\/08\/DSC00195-scaled.jpeg\" alt=\"DSC00195\" \/><\/figure><\/div><div class=\"swiper-slide\" role=\"group\" aria-roledescription=\"slide\" aria-label=\"10 von 12\"><figure class=\"swiper-slide-inner\"><img decoding=\"async\" class=\"swiper-slide-image\" src=\"https:\/\/www.anaramos-kosmetik.de\/wp-content\/uploads\/2024\/08\/DSC00196-scaled.jpeg\" alt=\"DSC00196\" \/><\/figure><\/div><div class=\"swiper-slide\" role=\"group\" aria-roledescription=\"slide\" aria-label=\"11 von 12\"><figure class=\"swiper-slide-inner\"><img decoding=\"async\" class=\"swiper-slide-image\" src=\"https:\/\/www.anaramos-kosmetik.de\/wp-content\/uploads\/2024\/08\/DSC00202-scaled.jpeg\" alt=\"DSC00202\" \/><\/figure><\/div><div class=\"swiper-slide\" role=\"group\" aria-roledescription=\"slide\" aria-label=\"12 von 12\"><figure class=\"swiper-slide-inner\"><img decoding=\"async\" class=\"swiper-slide-image\" src=\"https:\/\/www.anaramos-kosmetik.de\/wp-content\/uploads\/2024\/08\/DSC00247-scaled.jpeg\" alt=\"DSC00247\" \/><\/figure><\/div>\t\t\t<\/div>\n\t\t\t\t\t\t\t\t\t\t\t\t<div class=\"elementor-swiper-button elementor-swiper-button-prev\" role=\"button\" tabindex=\"0\">\n\t\t\t\t\t\t<svg aria-hidden=\"true\" class=\"e-font-icon-svg e-eicon-chevron-left\" viewbox=\"0 0 1000 1000\" xmlns=\"http:\/\/www.w3.org\/2000\/svg\"><path d=\"M646 125C629 125 613 133 604 142L308 442C296 454 292 471 292 487 292 504 296 521 308 533L604 854C617 867 629 875 646 875 663 875 679 871 692 858 704 846 713 829 713 812 713 796 708 779 692 767L438 487 692 225C700 217 708 204 708 187 708 171 704 154 692 142 675 129 663 125 646 125Z\"><\/path><\/svg>\t\t\t\t\t<\/div>\n\t\t\t\t\t<div class=\"elementor-swiper-button elementor-swiper-button-next\" role=\"button\" tabindex=\"0\">\n\t\t\t\t\t\t<svg aria-hidden=\"true\" class=\"e-font-icon-svg e-eicon-chevron-right\" viewbox=\"0 0 1000 1000\" xmlns=\"http:\/\/www.w3.org\/2000\/svg\"><path d=\"M696 533C708 521 713 504 713 487 713 471 708 454 696 446L400 146C388 133 375 125 354 125 338 125 325 129 313 142 300 154 292 171 292 187 292 204 296 221 308 233L563 492 304 771C292 783 288 800 288 817 288 833 296 850 308 863 321 871 338 875 354 875 371 875 388 867 400 854L696 533Z\"><\/path><\/svg>\t\t\t\t\t<\/div>\n\t\t\t\t\n\t\t\t\t\t\t\t\t\t<div class=\"swiper-pagination\"><\/div>\n\t\t\t\t\t\t\t\t\t<\/div>\n\t\t\t\t\t\t<\/div>\n\t\t\t\t<\/div>\n\t\t\t\t\t<\/div>\n\t\t<\/div>\n\t\t\t\t\t<\/div>\n\t\t<\/section>\n\t\t\t\t<\/div>","protected":false},"excerpt":{"rendered":"<p>Ihre Expertin f\u00fcr Kosmetik, Haarentfernung, Fu\u00dfpflege und vieles mehr! Jetzt buchen! Behandlugen Herzliche Willkommen bei Ana Ramos Beauty &amp; Kosmetik in Hamburg-Jungfernstieg. Wir freuen uns auf Ihren n\u00e4chsten Besuch in [&hellip;]<\/p>\n","protected":false},"author":1,"featured_media":0,"parent":0,"menu_order":0,"comment_status":"closed","ping_status":"closed","template":"elementor_header_footer","meta":{"footnotes":""},"class_list":["post-14","page","type-page","status-publish","hentry"],"yoast_head":"<!-- This site is optimized with the Yoast SEO plugin v27.5 - https:\/\/yoast.com\/product\/yoast-seo-wordpress\/ -->\n<title>Home - Ana Ramos<\/title>\n<meta name=\"robots\" content=\"index, follow, max-snippet:-1, max-image-preview:large, max-video-preview:-1\" \/>\n<link rel=\"canonical\" href=\"https:\/\/www.anaramos-kosmetik.de\/pt\/\" \/>\n<meta property=\"og:locale\" content=\"pt_BR\" \/>\n<meta property=\"og:type\" content=\"article\" \/>\n<meta property=\"og:title\" content=\"Home - Ana Ramos\" \/>\n<meta property=\"og:description\" content=\"Ihre Expertin f\u00fcr Kosmetik, Haarentfernung, Fu\u00dfpflege und vieles mehr! Jetzt buchen! Behandlugen Herzliche Willkommen bei Ana Ramos Beauty &amp; Kosmetik in Hamburg-Jungfernstieg. Wir freuen uns auf Ihren n\u00e4chsten Besuch in [&hellip;]\" \/>\n<meta property=\"og:url\" content=\"https:\/\/www.anaramos-kosmetik.de\/pt\/\" \/>\n<meta property=\"og:site_name\" content=\"Ana Ramos\" \/>\n<meta property=\"article:modified_time\" content=\"2025-08-07T08:31:40+00:00\" \/>\n<meta property=\"og:image\" content=\"https:\/\/www.anaramos-kosmetik.de\/wp-content\/uploads\/2024\/08\/Frame-112-3.jpg\" \/>\n<meta name=\"twitter:card\" content=\"summary_large_image\" \/>\n<meta name=\"twitter:label1\" content=\"Est. tempo de leitura\" \/>\n\t<meta name=\"twitter:data1\" content=\"1 minuto\" \/>\n<script type=\"application\/ld+json\" class=\"yoast-schema-graph\">{\"@context\":\"https:\\\/\\\/schema.org\",\"@graph\":[{\"@type\":\"WebPage\",\"@id\":\"https:\\\/\\\/www.anaramos-kosmetik.de\\\/de\\\/\",\"url\":\"https:\\\/\\\/www.anaramos-kosmetik.de\\\/de\\\/\",\"name\":\"Home - Ana Ramos\",\"isPartOf\":{\"@id\":\"https:\\\/\\\/www.anaramos-kosmetik.de\\\/de\\\/#website\"},\"primaryImageOfPage\":{\"@id\":\"https:\\\/\\\/www.anaramos-kosmetik.de\\\/de\\\/#primaryimage\"},\"image\":{\"@id\":\"https:\\\/\\\/www.anaramos-kosmetik.de\\\/de\\\/#primaryimage\"},\"thumbnailUrl\":\"https:\\\/\\\/www.anaramos-kosmetik.de\\\/wp-content\\\/uploads\\\/2024\\\/08\\\/Frame-112-3.jpg\",\"datePublished\":\"2022-10-19T13:30:27+00:00\",\"dateModified\":\"2025-08-07T08:31:40+00:00\",\"breadcrumb\":{\"@id\":\"https:\\\/\\\/www.anaramos-kosmetik.de\\\/de\\\/#breadcrumb\"},\"inLanguage\":\"pt-BR\",\"potentialAction\":[{\"@type\":\"ReadAction\",\"target\":[\"https:\\\/\\\/www.anaramos-kosmetik.de\\\/de\\\/\"]}]},{\"@type\":\"ImageObject\",\"inLanguage\":\"pt-BR\",\"@id\":\"https:\\\/\\\/www.anaramos-kosmetik.de\\\/de\\\/#primaryimage\",\"url\":\"https:\\\/\\\/www.anaramos-kosmetik.de\\\/wp-content\\\/uploads\\\/2024\\\/08\\\/Frame-112-3.jpg\",\"contentUrl\":\"https:\\\/\\\/www.anaramos-kosmetik.de\\\/wp-content\\\/uploads\\\/2024\\\/08\\\/Frame-112-3.jpg\"},{\"@type\":\"BreadcrumbList\",\"@id\":\"https:\\\/\\\/www.anaramos-kosmetik.de\\\/de\\\/#breadcrumb\",\"itemListElement\":[{\"@type\":\"ListItem\",\"position\":1,\"name\":\"In\u00edcio\",\"item\":\"https:\\\/\\\/www.anaramos-kosmetik.de\\\/de\\\/\"},{\"@type\":\"ListItem\",\"position\":2,\"name\":\"Home\"}]},{\"@type\":\"WebSite\",\"@id\":\"https:\\\/\\\/www.anaramos-kosmetik.de\\\/de\\\/#website\",\"url\":\"https:\\\/\\\/www.anaramos-kosmetik.de\\\/de\\\/\",\"name\":\"Ana Ramos\",\"description\":\"Beauty &amp; Kosmetik\",\"publisher\":{\"@id\":\"https:\\\/\\\/www.anaramos-kosmetik.de\\\/de\\\/#organization\"},\"potentialAction\":[{\"@type\":\"SearchAction\",\"target\":{\"@type\":\"EntryPoint\",\"urlTemplate\":\"https:\\\/\\\/www.anaramos-kosmetik.de\\\/de\\\/?s={search_term_string}\"},\"query-input\":{\"@type\":\"PropertyValueSpecification\",\"valueRequired\":true,\"valueName\":\"search_term_string\"}}],\"inLanguage\":\"pt-BR\"},{\"@type\":\"Organization\",\"@id\":\"https:\\\/\\\/www.anaramos-kosmetik.de\\\/de\\\/#organization\",\"name\":\"Ana Ramos\",\"url\":\"https:\\\/\\\/www.anaramos-kosmetik.de\\\/de\\\/\",\"logo\":{\"@type\":\"ImageObject\",\"inLanguage\":\"pt-BR\",\"@id\":\"https:\\\/\\\/www.anaramos-kosmetik.de\\\/de\\\/#\\\/schema\\\/logo\\\/image\\\/\",\"url\":\"https:\\\/\\\/www.anaramos-kosmetik.de\\\/wp-content\\\/uploads\\\/2024\\\/08\\\/cropped-logo-1-scaled-1.jpg\",\"contentUrl\":\"https:\\\/\\\/www.anaramos-kosmetik.de\\\/wp-content\\\/uploads\\\/2024\\\/08\\\/cropped-logo-1-scaled-1.jpg\",\"width\":1657,\"height\":595,\"caption\":\"Ana Ramos\"},\"image\":{\"@id\":\"https:\\\/\\\/www.anaramos-kosmetik.de\\\/de\\\/#\\\/schema\\\/logo\\\/image\\\/\"}}]}<\/script>\n<!-- \/ Yoast SEO plugin. -->","yoast_head_json":{"title":"Home - Ana Ramos","robots":{"index":"index","follow":"follow","max-snippet":"max-snippet:-1","max-image-preview":"max-image-preview:large","max-video-preview":"max-video-preview:-1"},"canonical":"https:\/\/www.anaramos-kosmetik.de\/pt\/","og_locale":"pt_BR","og_type":"article","og_title":"Home - Ana Ramos","og_description":"Ihre Expertin f\u00fcr Kosmetik, Haarentfernung, Fu\u00dfpflege und vieles mehr! Jetzt buchen! Behandlugen Herzliche Willkommen bei Ana Ramos Beauty &amp; Kosmetik in Hamburg-Jungfernstieg. Wir freuen uns auf Ihren n\u00e4chsten Besuch in [&hellip;]","og_url":"https:\/\/www.anaramos-kosmetik.de\/pt\/","og_site_name":"Ana Ramos","article_modified_time":"2025-08-07T08:31:40+00:00","og_image":[{"url":"https:\/\/www.anaramos-kosmetik.de\/wp-content\/uploads\/2024\/08\/Frame-112-3.jpg","type":"","width":"","height":""}],"twitter_card":"summary_large_image","twitter_misc":{"Est. tempo de leitura":"1 minuto"},"schema":{"@context":"https:\/\/schema.org","@graph":[{"@type":"WebPage","@id":"https:\/\/www.anaramos-kosmetik.de\/de\/","url":"https:\/\/www.anaramos-kosmetik.de\/de\/","name":"Home - Ana Ramos","isPartOf":{"@id":"https:\/\/www.anaramos-kosmetik.de\/de\/#website"},"primaryImageOfPage":{"@id":"https:\/\/www.anaramos-kosmetik.de\/de\/#primaryimage"},"image":{"@id":"https:\/\/www.anaramos-kosmetik.de\/de\/#primaryimage"},"thumbnailUrl":"https:\/\/www.anaramos-kosmetik.de\/wp-content\/uploads\/2024\/08\/Frame-112-3.jpg","datePublished":"2022-10-19T13:30:27+00:00","dateModified":"2025-08-07T08:31:40+00:00","breadcrumb":{"@id":"https:\/\/www.anaramos-kosmetik.de\/de\/#breadcrumb"},"inLanguage":"pt-BR","potentialAction":[{"@type":"ReadAction","target":["https:\/\/www.anaramos-kosmetik.de\/de\/"]}]},{"@type":"ImageObject","inLanguage":"pt-BR","@id":"https:\/\/www.anaramos-kosmetik.de\/de\/#primaryimage","url":"https:\/\/www.anaramos-kosmetik.de\/wp-content\/uploads\/2024\/08\/Frame-112-3.jpg","contentUrl":"https:\/\/www.anaramos-kosmetik.de\/wp-content\/uploads\/2024\/08\/Frame-112-3.jpg"},{"@type":"BreadcrumbList","@id":"https:\/\/www.anaramos-kosmetik.de\/de\/#breadcrumb","itemListElement":[{"@type":"ListItem","position":1,"name":"In\u00edcio","item":"https:\/\/www.anaramos-kosmetik.de\/de\/"},{"@type":"ListItem","position":2,"name":"Home"}]},{"@type":"WebSite","@id":"https:\/\/www.anaramos-kosmetik.de\/de\/#website","url":"https:\/\/www.anaramos-kosmetik.de\/de\/","name":"Ana Ramos","description":"Beauty &amp; Kosmetik","publisher":{"@id":"https:\/\/www.anaramos-kosmetik.de\/de\/#organization"},"potentialAction":[{"@type":"SearchAction","target":{"@type":"EntryPoint","urlTemplate":"https:\/\/www.anaramos-kosmetik.de\/de\/?s={search_term_string}"},"query-input":{"@type":"PropertyValueSpecification","valueRequired":true,"valueName":"search_term_string"}}],"inLanguage":"pt-BR"},{"@type":"Organization","@id":"https:\/\/www.anaramos-kosmetik.de\/de\/#organization","name":"Ana Ramos","url":"https:\/\/www.anaramos-kosmetik.de\/de\/","logo":{"@type":"ImageObject","inLanguage":"pt-BR","@id":"https:\/\/www.anaramos-kosmetik.de\/de\/#\/schema\/logo\/image\/","url":"https:\/\/www.anaramos-kosmetik.de\/wp-content\/uploads\/2024\/08\/cropped-logo-1-scaled-1.jpg","contentUrl":"https:\/\/www.anaramos-kosmetik.de\/wp-content\/uploads\/2024\/08\/cropped-logo-1-scaled-1.jpg","width":1657,"height":595,"caption":"Ana Ramos"},"image":{"@id":"https:\/\/www.anaramos-kosmetik.de\/de\/#\/schema\/logo\/image\/"}}]}},"jetpack_sharing_enabled":true,"_links":{"self":[{"href":"https:\/\/www.anaramos-kosmetik.de\/pt\/wp-json\/wp\/v2\/pages\/14","targetHints":{"allow":["GET"]}}],"collection":[{"href":"https:\/\/www.anaramos-kosmetik.de\/pt\/wp-json\/wp\/v2\/pages"}],"about":[{"href":"https:\/\/www.anaramos-kosmetik.de\/pt\/wp-json\/wp\/v2\/types\/page"}],"author":[{"embeddable":true,"href":"https:\/\/www.anaramos-kosmetik.de\/pt\/wp-json\/wp\/v2\/users\/1"}],"replies":[{"embeddable":true,"href":"https:\/\/www.anaramos-kosmetik.de\/pt\/wp-json\/wp\/v2\/comments?post=14"}],"version-history":[{"count":246,"href":"https:\/\/www.anaramos-kosmetik.de\/pt\/wp-json\/wp\/v2\/pages\/14\/revisions"}],"predecessor-version":[{"id":1440,"href":"https:\/\/www.anaramos-kosmetik.de\/pt\/wp-json\/wp\/v2\/pages\/14\/revisions\/1440"}],"wp:attachment":[{"href":"https:\/\/www.anaramos-kosmetik.de\/pt\/wp-json\/wp\/v2\/media?parent=14"}],"curies":[{"name":"wp","href":"https:\/\/api.w.org\/{rel}","templated":true}]}}