{"id":393,"date":"2022-10-19T13:58:34","date_gmt":"2022-10-19T13:58:34","guid":{"rendered":"https:\/\/demo.athemes.com\/botiga-beauty-el\/?page_id=393"},"modified":"2024-10-10T16:38:41","modified_gmt":"2024-10-10T14:38:41","slug":"kontakt","status":"publish","type":"page","link":"https:\/\/www.anaramos-kosmetik.de\/pt\/kontakt\/","title":{"rendered":"Contato"},"content":{"rendered":"<div data-elementor-type=\"wp-page\" data-elementor-id=\"393\" class=\"elementor elementor-393\">\n\t\t\t\t\t\t<section class=\"elementor-section elementor-top-section elementor-element elementor-element-c275639 elementor-section-boxed elementor-section-height-default elementor-section-height-default\" data-id=\"c275639\" data-element_type=\"section\" data-e-type=\"section\">\n\t\t\t\t\t\t<div class=\"elementor-container elementor-column-gap-default\">\n\t\t\t\t\t<div class=\"elementor-column elementor-col-100 elementor-top-column elementor-element elementor-element-0d095d2\" data-id=\"0d095d2\" data-element_type=\"column\" data-e-type=\"column\">\n\t\t\t<div class=\"elementor-widget-wrap\">\n\t\t\t\t\t\t\t<\/div>\n\t\t<\/div>\n\t\t\t\t\t<\/div>\n\t\t<\/section>\n\t\t\t\t<section class=\"elementor-section elementor-top-section elementor-element elementor-element-963138c elementor-section-boxed elementor-section-height-default elementor-section-height-default elementor-invisible\" data-id=\"963138c\" data-element_type=\"section\" data-e-type=\"section\" data-settings=\"{&quot;animation&quot;:&quot;fadeInUpShorter&quot;,&quot;animation_delay&quot;:600}\">\n\t\t\t\t\t\t<div class=\"elementor-container elementor-column-gap-default\">\n\t\t\t\t\t<div class=\"elementor-column elementor-col-50 elementor-top-column elementor-element elementor-element-dfa68f3\" data-id=\"dfa68f3\" data-element_type=\"column\" data-e-type=\"column\" data-settings=\"{&quot;background_background&quot;:&quot;classic&quot;}\">\n\t\t\t<div class=\"elementor-widget-wrap elementor-element-populated\">\n\t\t\t\t\t\t<div class=\"elementor-element elementor-element-449cc41 elementor-widget elementor-widget-heading\" data-id=\"449cc41\" data-element_type=\"widget\" data-e-type=\"widget\" data-widget_type=\"heading.default\">\n\t\t\t\t<div class=\"elementor-widget-container\">\n\t\t\t\t\t<h2 class=\"elementor-heading-title elementor-size-default\">Voc\u00ea nos encontra aqui:<\/h2>\t\t\t\t<\/div>\n\t\t\t\t<\/div>\n\t\t\t\t<div class=\"elementor-element elementor-element-87e82a1 elementor-widget elementor-widget-text-editor\" data-id=\"87e82a1\" data-element_type=\"widget\" data-e-type=\"widget\" data-widget_type=\"text-editor.default\">\n\t\t\t\t<div class=\"elementor-widget-container\">\n\t\t\t\t\t\t\t\t\t<p style=\"box-sizing: inherit; color: #212121; font-family: Inter, sans-serif;\">Hermannstra\u00dfe 7, 1. OG,<br \/>20095 Hamburg<\/p><p style=\"box-sizing: inherit; color: #212121; font-family: Inter, sans-serif;\">+49 1522 7168920<\/p><p style=\"box-sizing: inherit; color: #212121; font-family: Inter, sans-serif;\"><span style=\"font-weight: var( --e-global-typography-text-font-weight ); letter-spacing: 0px; font-size: var(--bt-font-size-body, 16px);\">termin@anaramos-kosmetik.de<\/span><\/p>\t\t\t\t\t\t\t\t<\/div>\n\t\t\t\t<\/div>\n\t\t\t\t<div class=\"elementor-element elementor-element-cbfd614 elementor-widget elementor-widget-heading\" data-id=\"cbfd614\" data-element_type=\"widget\" data-e-type=\"widget\" data-widget_type=\"heading.default\">\n\t\t\t\t<div class=\"elementor-widget-container\">\n\t\t\t\t\t<h2 class=\"elementor-heading-title elementor-size-default\">Hor\u00e1rios de funcionamento<\/h2>\t\t\t\t<\/div>\n\t\t\t\t<\/div>\n\t\t\t\t<div class=\"elementor-element elementor-element-769cb96 elementor-widget elementor-widget-text-editor\" data-id=\"769cb96\" data-element_type=\"widget\" data-e-type=\"widget\" data-widget_type=\"text-editor.default\">\n\t\t\t\t<div class=\"elementor-widget-container\">\n\t\t\t\t\t\t\t\t\t<p style=\"box-sizing: inherit; color: #212121; font-family: Inter, sans-serif;\"><span style=\"font-weight: var( --e-global-typography-text-font-weight ); letter-spacing: 0px;\">Segunda a Sexta: 09:00 - 19:00<br \/>S\u00e1bado: 10:00 \u2013 17:00<\/span><\/p>\t\t\t\t\t\t\t\t<\/div>\n\t\t\t\t<\/div>\n\t\t\t\t<div class=\"elementor-element elementor-element-1416f91 e-grid-align-left elementor-shape-rounded elementor-grid-0 elementor-widget elementor-widget-social-icons\" data-id=\"1416f91\" data-element_type=\"widget\" data-e-type=\"widget\" data-widget_type=\"social-icons.default\">\n\t\t\t\t<div class=\"elementor-widget-container\">\n\t\t\t\t\t\t\t<div class=\"elementor-social-icons-wrapper elementor-grid\" role=\"list\">\n\t\t\t\t\t\t\t<span class=\"elementor-grid-item\" role=\"listitem\">\n\t\t\t\t\t<a class=\"elementor-icon elementor-social-icon elementor-social-icon-facebook elementor-repeater-item-f508252\" href=\"https:\/\/www.facebook.com\/share\/cbE1oUfuZ5TkDVoZ\/\" target=\"_blank\">\n\t\t\t\t\t\t<span class=\"elementor-screen-only\">Facebook<\/span>\n\t\t\t\t\t\t<svg aria-hidden=\"true\" class=\"e-font-icon-svg e-fab-facebook\" viewbox=\"0 0 512 512\" xmlns=\"http:\/\/www.w3.org\/2000\/svg\"><path d=\"M504 256C504 119 393 8 256 8S8 119 8 256c0 123.78 90.69 226.38 209.25 245V327.69h-63V256h63v-54.64c0-62.15 37-96.48 93.67-96.48 27.14 0 55.52 4.84 55.52 4.84v61h-31.28c-30.8 0-40.41 19.12-40.41 38.73V256h68.78l-11 71.69h-57.78V501C413.31 482.38 504 379.78 504 256z\"><\/path><\/svg>\t\t\t\t\t<\/a>\n\t\t\t\t<\/span>\n\t\t\t\t\t\t\t<span class=\"elementor-grid-item\" role=\"listitem\">\n\t\t\t\t\t<a class=\"elementor-icon elementor-social-icon elementor-social-icon-whatsapp elementor-repeater-item-124569e\" href=\"https:\/\/wa.me\/4915227168920\" target=\"_blank\">\n\t\t\t\t\t\t<span class=\"elementor-screen-only\">Whatsapp<\/span>\n\t\t\t\t\t\t<svg aria-hidden=\"true\" class=\"e-font-icon-svg e-fab-whatsapp\" viewbox=\"0 0 448 512\" xmlns=\"http:\/\/www.w3.org\/2000\/svg\"><path d=\"M380.9 97.1C339 55.1 283.2 32 223.9 32c-122.4 0-222 99.6-222 222 0 39.1 10.2 77.3 29.6 111L0 480l117.7-30.9c32.4 17.7 68.9 27 106.1 27h.1c122.3 0 224.1-99.6 224.1-222 0-59.3-25.2-115-67.1-157zm-157 341.6c-33.2 0-65.7-8.9-94-25.7l-6.7-4-69.8 18.3L72 359.2l-4.4-7c-18.5-29.4-28.2-63.3-28.2-98.2 0-101.7 82.8-184.5 184.6-184.5 49.3 0 95.6 19.2 130.4 54.1 34.8 34.9 56.2 81.2 56.1 130.5 0 101.8-84.9 184.6-186.6 184.6zm101.2-138.2c-5.5-2.8-32.8-16.2-37.9-18-5.1-1.9-8.8-2.8-12.5 2.8-3.7 5.6-14.3 18-17.6 21.8-3.2 3.7-6.5 4.2-12 1.4-32.6-16.3-54-29.1-75.5-66-5.7-9.8 5.7-9.1 16.3-30.3 1.8-3.7.9-6.9-.5-9.7-1.4-2.8-12.5-30.1-17.1-41.2-4.5-10.8-9.1-9.3-12.5-9.5-3.2-.2-6.9-.2-10.6-.2-3.7 0-9.7 1.4-14.8 6.9-5.1 5.6-19.4 19-19.4 46.3 0 27.3 19.9 53.7 22.6 57.4 2.8 3.7 39.1 59.7 94.8 83.8 35.2 15.2 49 16.5 66.6 13.9 10.7-1.6 32.8-13.4 37.4-26.4 4.6-13 4.6-24.1 3.2-26.4-1.3-2.5-5-3.9-10.5-6.6z\"><\/path><\/svg>\t\t\t\t\t<\/a>\n\t\t\t\t<\/span>\n\t\t\t\t\t\t\t<span class=\"elementor-grid-item\" role=\"listitem\">\n\t\t\t\t\t<a class=\"elementor-icon elementor-social-icon elementor-social-icon-instagram elementor-repeater-item-e90a181\" href=\"https:\/\/www.instagram.com\/anaramosbeautykosmetik\/\" target=\"_blank\">\n\t\t\t\t\t\t<span class=\"elementor-screen-only\">Instagram<\/span>\n\t\t\t\t\t\t<svg aria-hidden=\"true\" class=\"e-font-icon-svg e-fab-instagram\" viewbox=\"0 0 448 512\" xmlns=\"http:\/\/www.w3.org\/2000\/svg\"><path d=\"M224.1 141c-63.6 0-114.9 51.3-114.9 114.9s51.3 114.9 114.9 114.9S339 319.5 339 255.9 287.7 141 224.1 141zm0 189.6c-41.1 0-74.7-33.5-74.7-74.7s33.5-74.7 74.7-74.7 74.7 33.5 74.7 74.7-33.6 74.7-74.7 74.7zm146.4-194.3c0 14.9-12 26.8-26.8 26.8-14.9 0-26.8-12-26.8-26.8s12-26.8 26.8-26.8 26.8 12 26.8 26.8zm76.1 27.2c-1.7-35.9-9.9-67.7-36.2-93.9-26.2-26.2-58-34.4-93.9-36.2-37-2.1-147.9-2.1-184.9 0-35.8 1.7-67.6 9.9-93.9 36.1s-34.4 58-36.2 93.9c-2.1 37-2.1 147.9 0 184.9 1.7 35.9 9.9 67.7 36.2 93.9s58 34.4 93.9 36.2c37 2.1 147.9 2.1 184.9 0 35.9-1.7 67.7-9.9 93.9-36.2 26.2-26.2 34.4-58 36.2-93.9 2.1-37 2.1-147.8 0-184.8zM398.8 388c-7.8 19.6-22.9 34.7-42.6 42.6-29.5 11.7-99.5 9-132.1 9s-102.7 2.6-132.1-9c-19.6-7.8-34.7-22.9-42.6-42.6-11.7-29.5-9-99.5-9-132.1s-2.6-102.7 9-132.1c7.8-19.6 22.9-34.7 42.6-42.6 29.5-11.7 99.5-9 132.1-9s102.7-2.6 132.1 9c19.6 7.8 34.7 22.9 42.6 42.6 11.7 29.5 9 99.5 9 132.1s2.7 102.7-9 132.1z\"><\/path><\/svg>\t\t\t\t\t<\/a>\n\t\t\t\t<\/span>\n\t\t\t\t\t<\/div>\n\t\t\t\t\t\t<\/div>\n\t\t\t\t<\/div>\n\t\t\t\t\t<\/div>\n\t\t<\/div>\n\t\t\t\t<div class=\"elementor-column elementor-col-50 elementor-top-column elementor-element elementor-element-d2566ee\" data-id=\"d2566ee\" data-element_type=\"column\" data-e-type=\"column\">\n\t\t\t<div class=\"elementor-widget-wrap elementor-element-populated\">\n\t\t\t\t\t\t<div class=\"elementor-element elementor-element-95153dc elementor-widget elementor-widget-image\" data-id=\"95153dc\" data-element_type=\"widget\" data-e-type=\"widget\" data-widget_type=\"image.default\">\n\t\t\t\t<div class=\"elementor-widget-container\">\n\t\t\t\t\t\t\t\t\t\t\t\t\t\t\t<img fetchpriority=\"high\" decoding=\"async\" width=\"1024\" height=\"576\" src=\"https:\/\/www.anaramos-kosmetik.de\/wp-content\/uploads\/2024\/08\/DSC00286-1-1024x576.jpeg\" class=\"attachment-large size-large wp-image-1085\" alt=\"\" srcset=\"https:\/\/www.anaramos-kosmetik.de\/wp-content\/uploads\/2024\/08\/DSC00286-1-1024x576.jpeg 1024w, https:\/\/www.anaramos-kosmetik.de\/wp-content\/uploads\/2024\/08\/DSC00286-1-300x169.jpeg 300w, https:\/\/www.anaramos-kosmetik.de\/wp-content\/uploads\/2024\/08\/DSC00286-1-768x432.jpeg 768w, https:\/\/www.anaramos-kosmetik.de\/wp-content\/uploads\/2024\/08\/DSC00286-1-1536x864.jpeg 1536w, https:\/\/www.anaramos-kosmetik.de\/wp-content\/uploads\/2024\/08\/DSC00286-1-2048x1152.jpeg 2048w, https:\/\/www.anaramos-kosmetik.de\/wp-content\/uploads\/2024\/08\/DSC00286-1-18x10.jpeg 18w, https:\/\/www.anaramos-kosmetik.de\/wp-content\/uploads\/2024\/08\/DSC00286-1-1140x641.jpeg 1140w, https:\/\/www.anaramos-kosmetik.de\/wp-content\/uploads\/2024\/08\/DSC00286-1-920x518.jpeg 920w, https:\/\/www.anaramos-kosmetik.de\/wp-content\/uploads\/2024\/08\/DSC00286-1-575x324.jpeg 575w, https:\/\/www.anaramos-kosmetik.de\/wp-content\/uploads\/2024\/08\/DSC00286-1-380x214.jpeg 380w, https:\/\/www.anaramos-kosmetik.de\/wp-content\/uploads\/2024\/08\/DSC00286-1-1320x743.jpeg 1320w, https:\/\/www.anaramos-kosmetik.de\/wp-content\/uploads\/2024\/08\/DSC00286-1-420x236.jpeg 420w, https:\/\/www.anaramos-kosmetik.de\/wp-content\/uploads\/2024\/08\/DSC00286-1-800x450.jpeg 800w\" sizes=\"(max-width: 1024px) 100vw, 1024px\" \/>\t\t\t\t\t\t\t\t\t\t\t\t\t\t\t<\/div>\n\t\t\t\t<\/div>\n\t\t\t\t<div class=\"elementor-element elementor-element-c196f66 elementor-widget elementor-widget-text-editor\" data-id=\"c196f66\" data-element_type=\"widget\" data-e-type=\"widget\" data-widget_type=\"text-editor.default\">\n\t\t\t\t<div class=\"elementor-widget-container\">\n\t\t\t\t\t\t\t\t\t<p>Se voc\u00ea n\u00e3o puder comparecer a um compromisso, por favor, nos avise por telefone, para que possamos disponibiliz\u00e1-lo a outro cliente. At\u00e9 48 horas antes do in\u00edcio do seu atendimento, cancelamos sua reserva gratuitamente; ap\u00f3s esse prazo, reservamo-nos o direito de cobrar 15% do valor do Servi\u00e7o agendado. A conta ser\u00e1 enviada por email.<\/p>\t\t\t\t\t\t\t\t<\/div>\n\t\t\t\t<\/div>\n\t\t\t\t\t<\/div>\n\t\t<\/div>\n\t\t\t\t\t<\/div>\n\t\t<\/section>\n\t\t\t\t<section class=\"elementor-section elementor-top-section elementor-element elementor-element-6c09bab elementor-section-boxed elementor-section-height-default elementor-section-height-default elementor-invisible\" data-id=\"6c09bab\" data-element_type=\"section\" data-e-type=\"section\" data-settings=\"{&quot;animation&quot;:&quot;fadeInUpShorter&quot;,&quot;animation_delay&quot;:400}\">\n\t\t\t\t\t\t<div class=\"elementor-container elementor-column-gap-default\">\n\t\t\t\t\t<div class=\"elementor-column elementor-col-100 elementor-top-column elementor-element elementor-element-801eab6\" data-id=\"801eab6\" data-element_type=\"column\" data-e-type=\"column\">\n\t\t\t<div class=\"elementor-widget-wrap elementor-element-populated\">\n\t\t\t\t\t\t<div class=\"elementor-element elementor-element-fd0eb9d elementor-widget elementor-widget-google_maps\" data-id=\"fd0eb9d\" data-element_type=\"widget\" data-e-type=\"widget\" data-widget_type=\"google_maps.default\">\n\t\t\t\t<div class=\"elementor-widget-container\">\n\t\t\t\t\t\t\t<div class=\"elementor-custom-embed\">\n\t\t\t<iframe loading=\"lazy\"\n\t\t\t\t\tsrc=\"https:\/\/maps.google.com\/maps?q=Hermannstra%C3%9Fe%207%2C%20hamburg%2C%20deutschland&#038;t=m&#038;z=14&#038;output=embed&#038;iwloc=near\"\n\t\t\t\t\ttitle=\"Hermannstra\u00dfe 7, hamburg, deutschland\"\n\t\t\t\t\taria-label=\"Hermannstra\u00dfe 7, hamburg, deutschland\"\n\t\t\t><\/iframe>\n\t\t<\/div>\n\t\t\t\t\t\t<\/div>\n\t\t\t\t<\/div>\n\t\t\t\t\t<\/div>\n\t\t<\/div>\n\t\t\t\t\t<\/div>\n\t\t<\/section>\n\t\t\t\t<section class=\"elementor-section elementor-top-section elementor-element elementor-element-d502af4 elementor-section-boxed elementor-section-height-default elementor-section-height-default\" data-id=\"d502af4\" data-element_type=\"section\" data-e-type=\"section\">\n\t\t\t\t\t\t<div class=\"elementor-container elementor-column-gap-default\">\n\t\t\t\t\t<div class=\"elementor-column elementor-col-100 elementor-top-column elementor-element elementor-element-4bef3e5\" data-id=\"4bef3e5\" data-element_type=\"column\" data-e-type=\"column\">\n\t\t\t<div class=\"elementor-widget-wrap elementor-element-populated\">\n\t\t\t\t\t\t<div class=\"elementor-element elementor-element-de863e8 elementor-widget elementor-widget-spacer\" data-id=\"de863e8\" data-element_type=\"widget\" data-e-type=\"widget\" data-widget_type=\"spacer.default\">\n\t\t\t\t<div class=\"elementor-widget-container\">\n\t\t\t\t\t\t\t<div class=\"elementor-spacer\">\n\t\t\t<div class=\"elementor-spacer-inner\"><\/div>\n\t\t<\/div>\n\t\t\t\t\t\t<\/div>\n\t\t\t\t<\/div>\n\t\t\t\t\t<\/div>\n\t\t<\/div>\n\t\t\t\t\t<\/div>\n\t\t<\/section>\n\t\t\t\t<\/div>","protected":false},"excerpt":{"rendered":"<p>Unser Kosmetikstudio Hermannstra\u00dfe 7, 1. OG,20095 Hamburg +49 1522 7168920 termin@anaramos-kosmetik.de \u00d6ffnungszeiten Montag bis Freitag: 09:00 \u2013 19:00Samstag: 10:00 &#8211; 17:00 Facebook Whatsapp Instagram Sollten Sie einen Termin nicht einhalten [&hellip;]<\/p>\n","protected":false},"author":1,"featured_media":0,"parent":0,"menu_order":0,"comment_status":"closed","ping_status":"closed","template":"elementor_header_footer","meta":{"footnotes":""},"class_list":["post-393","page","type-page","status-publish","hentry"],"yoast_head":"<!-- This site is optimized with the Yoast SEO plugin v27.5 - https:\/\/yoast.com\/product\/yoast-seo-wordpress\/ -->\n<title>Kontakt - Ana Ramos<\/title>\n<meta name=\"robots\" content=\"index, follow, max-snippet:-1, max-image-preview:large, max-video-preview:-1\" \/>\n<link rel=\"canonical\" href=\"https:\/\/www.anaramos-kosmetik.de\/pt\/kontakt\/\" \/>\n<meta property=\"og:locale\" content=\"pt_BR\" \/>\n<meta property=\"og:type\" content=\"article\" \/>\n<meta property=\"og:title\" content=\"Kontakt - Ana Ramos\" \/>\n<meta property=\"og:description\" content=\"Unser Kosmetikstudio Hermannstra\u00dfe 7, 1. OG,20095 Hamburg +49 1522 7168920 termin@anaramos-kosmetik.de \u00d6ffnungszeiten Montag bis Freitag: 09:00 \u2013 19:00Samstag: 10:00 &#8211; 17:00 Facebook Whatsapp Instagram Sollten Sie einen Termin nicht einhalten [&hellip;]\" \/>\n<meta property=\"og:url\" content=\"https:\/\/www.anaramos-kosmetik.de\/pt\/kontakt\/\" \/>\n<meta property=\"og:site_name\" content=\"Ana Ramos\" \/>\n<meta property=\"article:modified_time\" content=\"2024-10-10T14:38:41+00:00\" \/>\n<meta property=\"og:image\" content=\"https:\/\/www.anaramos-kosmetik.de\/wp-content\/uploads\/2024\/08\/DSC00286-1-1024x576.jpeg\" \/>\n<meta name=\"twitter:card\" content=\"summary_large_image\" \/>\n<meta name=\"twitter:label1\" content=\"Est. tempo de leitura\" \/>\n\t<meta name=\"twitter:data1\" content=\"1 minuto\" \/>\n<script type=\"application\/ld+json\" class=\"yoast-schema-graph\">{\"@context\":\"https:\\\/\\\/schema.org\",\"@graph\":[{\"@type\":\"WebPage\",\"@id\":\"https:\\\/\\\/www.anaramos-kosmetik.de\\\/de\\\/kontakt\\\/\",\"url\":\"https:\\\/\\\/www.anaramos-kosmetik.de\\\/de\\\/kontakt\\\/\",\"name\":\"Kontakt - Ana Ramos\",\"isPartOf\":{\"@id\":\"https:\\\/\\\/www.anaramos-kosmetik.de\\\/de\\\/#website\"},\"primaryImageOfPage\":{\"@id\":\"https:\\\/\\\/www.anaramos-kosmetik.de\\\/de\\\/kontakt\\\/#primaryimage\"},\"image\":{\"@id\":\"https:\\\/\\\/www.anaramos-kosmetik.de\\\/de\\\/kontakt\\\/#primaryimage\"},\"thumbnailUrl\":\"https:\\\/\\\/www.anaramos-kosmetik.de\\\/wp-content\\\/uploads\\\/2024\\\/08\\\/DSC00286-1-1024x576.jpeg\",\"datePublished\":\"2022-10-19T13:58:34+00:00\",\"dateModified\":\"2024-10-10T14:38:41+00:00\",\"breadcrumb\":{\"@id\":\"https:\\\/\\\/www.anaramos-kosmetik.de\\\/de\\\/kontakt\\\/#breadcrumb\"},\"inLanguage\":\"pt-BR\",\"potentialAction\":[{\"@type\":\"ReadAction\",\"target\":[\"https:\\\/\\\/www.anaramos-kosmetik.de\\\/de\\\/kontakt\\\/\"]}]},{\"@type\":\"ImageObject\",\"inLanguage\":\"pt-BR\",\"@id\":\"https:\\\/\\\/www.anaramos-kosmetik.de\\\/de\\\/kontakt\\\/#primaryimage\",\"url\":\"https:\\\/\\\/www.anaramos-kosmetik.de\\\/wp-content\\\/uploads\\\/2024\\\/08\\\/DSC00286-1-1024x576.jpeg\",\"contentUrl\":\"https:\\\/\\\/www.anaramos-kosmetik.de\\\/wp-content\\\/uploads\\\/2024\\\/08\\\/DSC00286-1-1024x576.jpeg\"},{\"@type\":\"BreadcrumbList\",\"@id\":\"https:\\\/\\\/www.anaramos-kosmetik.de\\\/de\\\/kontakt\\\/#breadcrumb\",\"itemListElement\":[{\"@type\":\"ListItem\",\"position\":1,\"name\":\"In\u00edcio\",\"item\":\"https:\\\/\\\/www.anaramos-kosmetik.de\\\/de\\\/\"},{\"@type\":\"ListItem\",\"position\":2,\"name\":\"Kontakt\"}]},{\"@type\":\"WebSite\",\"@id\":\"https:\\\/\\\/www.anaramos-kosmetik.de\\\/de\\\/#website\",\"url\":\"https:\\\/\\\/www.anaramos-kosmetik.de\\\/de\\\/\",\"name\":\"Ana Ramos\",\"description\":\"Beauty &amp; Kosmetik\",\"publisher\":{\"@id\":\"https:\\\/\\\/www.anaramos-kosmetik.de\\\/de\\\/#organization\"},\"potentialAction\":[{\"@type\":\"SearchAction\",\"target\":{\"@type\":\"EntryPoint\",\"urlTemplate\":\"https:\\\/\\\/www.anaramos-kosmetik.de\\\/de\\\/?s={search_term_string}\"},\"query-input\":{\"@type\":\"PropertyValueSpecification\",\"valueRequired\":true,\"valueName\":\"search_term_string\"}}],\"inLanguage\":\"pt-BR\"},{\"@type\":\"Organization\",\"@id\":\"https:\\\/\\\/www.anaramos-kosmetik.de\\\/de\\\/#organization\",\"name\":\"Ana Ramos\",\"url\":\"https:\\\/\\\/www.anaramos-kosmetik.de\\\/de\\\/\",\"logo\":{\"@type\":\"ImageObject\",\"inLanguage\":\"pt-BR\",\"@id\":\"https:\\\/\\\/www.anaramos-kosmetik.de\\\/de\\\/#\\\/schema\\\/logo\\\/image\\\/\",\"url\":\"https:\\\/\\\/www.anaramos-kosmetik.de\\\/wp-content\\\/uploads\\\/2024\\\/08\\\/cropped-logo-1-scaled-1.jpg\",\"contentUrl\":\"https:\\\/\\\/www.anaramos-kosmetik.de\\\/wp-content\\\/uploads\\\/2024\\\/08\\\/cropped-logo-1-scaled-1.jpg\",\"width\":1657,\"height\":595,\"caption\":\"Ana Ramos\"},\"image\":{\"@id\":\"https:\\\/\\\/www.anaramos-kosmetik.de\\\/de\\\/#\\\/schema\\\/logo\\\/image\\\/\"}}]}<\/script>\n<!-- \/ Yoast SEO plugin. -->","yoast_head_json":{"title":"Kontakt - Ana Ramos","robots":{"index":"index","follow":"follow","max-snippet":"max-snippet:-1","max-image-preview":"max-image-preview:large","max-video-preview":"max-video-preview:-1"},"canonical":"https:\/\/www.anaramos-kosmetik.de\/pt\/kontakt\/","og_locale":"pt_BR","og_type":"article","og_title":"Kontakt - Ana Ramos","og_description":"Unser Kosmetikstudio Hermannstra\u00dfe 7, 1. OG,20095 Hamburg +49 1522 7168920 termin@anaramos-kosmetik.de \u00d6ffnungszeiten Montag bis Freitag: 09:00 \u2013 19:00Samstag: 10:00 &#8211; 17:00 Facebook Whatsapp Instagram Sollten Sie einen Termin nicht einhalten [&hellip;]","og_url":"https:\/\/www.anaramos-kosmetik.de\/pt\/kontakt\/","og_site_name":"Ana Ramos","article_modified_time":"2024-10-10T14:38:41+00:00","og_image":[{"url":"https:\/\/www.anaramos-kosmetik.de\/wp-content\/uploads\/2024\/08\/DSC00286-1-1024x576.jpeg","type":"","width":"","height":""}],"twitter_card":"summary_large_image","twitter_misc":{"Est. tempo de leitura":"1 minuto"},"schema":{"@context":"https:\/\/schema.org","@graph":[{"@type":"WebPage","@id":"https:\/\/www.anaramos-kosmetik.de\/de\/kontakt\/","url":"https:\/\/www.anaramos-kosmetik.de\/de\/kontakt\/","name":"Kontakt - Ana Ramos","isPartOf":{"@id":"https:\/\/www.anaramos-kosmetik.de\/de\/#website"},"primaryImageOfPage":{"@id":"https:\/\/www.anaramos-kosmetik.de\/de\/kontakt\/#primaryimage"},"image":{"@id":"https:\/\/www.anaramos-kosmetik.de\/de\/kontakt\/#primaryimage"},"thumbnailUrl":"https:\/\/www.anaramos-kosmetik.de\/wp-content\/uploads\/2024\/08\/DSC00286-1-1024x576.jpeg","datePublished":"2022-10-19T13:58:34+00:00","dateModified":"2024-10-10T14:38:41+00:00","breadcrumb":{"@id":"https:\/\/www.anaramos-kosmetik.de\/de\/kontakt\/#breadcrumb"},"inLanguage":"pt-BR","potentialAction":[{"@type":"ReadAction","target":["https:\/\/www.anaramos-kosmetik.de\/de\/kontakt\/"]}]},{"@type":"ImageObject","inLanguage":"pt-BR","@id":"https:\/\/www.anaramos-kosmetik.de\/de\/kontakt\/#primaryimage","url":"https:\/\/www.anaramos-kosmetik.de\/wp-content\/uploads\/2024\/08\/DSC00286-1-1024x576.jpeg","contentUrl":"https:\/\/www.anaramos-kosmetik.de\/wp-content\/uploads\/2024\/08\/DSC00286-1-1024x576.jpeg"},{"@type":"BreadcrumbList","@id":"https:\/\/www.anaramos-kosmetik.de\/de\/kontakt\/#breadcrumb","itemListElement":[{"@type":"ListItem","position":1,"name":"In\u00edcio","item":"https:\/\/www.anaramos-kosmetik.de\/de\/"},{"@type":"ListItem","position":2,"name":"Kontakt"}]},{"@type":"WebSite","@id":"https:\/\/www.anaramos-kosmetik.de\/de\/#website","url":"https:\/\/www.anaramos-kosmetik.de\/de\/","name":"Ana Ramos","description":"Beauty &amp; Kosmetik","publisher":{"@id":"https:\/\/www.anaramos-kosmetik.de\/de\/#organization"},"potentialAction":[{"@type":"SearchAction","target":{"@type":"EntryPoint","urlTemplate":"https:\/\/www.anaramos-kosmetik.de\/de\/?s={search_term_string}"},"query-input":{"@type":"PropertyValueSpecification","valueRequired":true,"valueName":"search_term_string"}}],"inLanguage":"pt-BR"},{"@type":"Organization","@id":"https:\/\/www.anaramos-kosmetik.de\/de\/#organization","name":"Ana Ramos","url":"https:\/\/www.anaramos-kosmetik.de\/de\/","logo":{"@type":"ImageObject","inLanguage":"pt-BR","@id":"https:\/\/www.anaramos-kosmetik.de\/de\/#\/schema\/logo\/image\/","url":"https:\/\/www.anaramos-kosmetik.de\/wp-content\/uploads\/2024\/08\/cropped-logo-1-scaled-1.jpg","contentUrl":"https:\/\/www.anaramos-kosmetik.de\/wp-content\/uploads\/2024\/08\/cropped-logo-1-scaled-1.jpg","width":1657,"height":595,"caption":"Ana Ramos"},"image":{"@id":"https:\/\/www.anaramos-kosmetik.de\/de\/#\/schema\/logo\/image\/"}}]}},"jetpack_sharing_enabled":true,"_links":{"self":[{"href":"https:\/\/www.anaramos-kosmetik.de\/pt\/wp-json\/wp\/v2\/pages\/393","targetHints":{"allow":["GET"]}}],"collection":[{"href":"https:\/\/www.anaramos-kosmetik.de\/pt\/wp-json\/wp\/v2\/pages"}],"about":[{"href":"https:\/\/www.anaramos-kosmetik.de\/pt\/wp-json\/wp\/v2\/types\/page"}],"author":[{"embeddable":true,"href":"https:\/\/www.anaramos-kosmetik.de\/pt\/wp-json\/wp\/v2\/users\/1"}],"replies":[{"embeddable":true,"href":"https:\/\/www.anaramos-kosmetik.de\/pt\/wp-json\/wp\/v2\/comments?post=393"}],"version-history":[{"count":43,"href":"https:\/\/www.anaramos-kosmetik.de\/pt\/wp-json\/wp\/v2\/pages\/393\/revisions"}],"predecessor-version":[{"id":1415,"href":"https:\/\/www.anaramos-kosmetik.de\/pt\/wp-json\/wp\/v2\/pages\/393\/revisions\/1415"}],"wp:attachment":[{"href":"https:\/\/www.anaramos-kosmetik.de\/pt\/wp-json\/wp\/v2\/media?parent=393"}],"curies":[{"name":"wp","href":"https:\/\/api.w.org\/{rel}","templated":true}]}}